{"id":8181,"date":"2025-04-18T10:15:32","date_gmt":"2025-04-18T10:15:32","guid":{"rendered":"https:\/\/melaniegobet.ch\/calendar\/"},"modified":"2026-08-24T17:36:51","modified_gmt":"2026-08-24T17:36:51","slug":"calendar","status":"publish","type":"page","link":"https:\/\/melaniegobet.ch\/en\/","title":{"rendered":"calendar"},"content":{"rendered":"\t\t<div data-elementor-type=\"wp-page\" data-elementor-id=\"8181\" class=\"elementor elementor-8181 elementor-7490\" data-elementor-post-type=\"page\">\n\t\t\t\t<div class=\"elementor-element elementor-element-8d62e3f e-con-full e-flex e-con e-parent\" data-id=\"8d62e3f\" data-element_type=\"container\" data-e-type=\"container\">\n\t\t<div class=\"elementor-element elementor-element-4922417 e-con-full e-flex elementor-invisible e-con e-child\" data-id=\"4922417\" data-element_type=\"container\" data-e-type=\"container\" data-settings=\"{&quot;animation&quot;:&quot;fadeInLeft&quot;}\">\n\t\t\t\t<div class=\"elementor-element elementor-element-5393b3c elementor-widget elementor-widget-heading\" data-id=\"5393b3c\" data-element_type=\"widget\" data-e-type=\"widget\" data-widget_type=\"heading.default\">\n\t\t\t\t<div class=\"elementor-widget-container\">\n\t\t\t\t\t<h2 class=\"elementor-heading-title elementor-size-default\">past<\/h2>\t\t\t\t<\/div>\n\t\t\t\t<\/div>\n\t\t\t\t<div class=\"elementor-element elementor-element-a9e2854 elementor-widget__width-initial elementor-widget elementor-widget-n-accordion\" data-id=\"a9e2854\" data-element_type=\"widget\" data-e-type=\"widget\" data-settings=\"{&quot;default_state&quot;:&quot;all_collapsed&quot;,&quot;max_items_expended&quot;:&quot;one&quot;,&quot;n_accordion_animation_duration&quot;:{&quot;unit&quot;:&quot;ms&quot;,&quot;size&quot;:400,&quot;sizes&quot;:[]}}\" data-widget_type=\"nested-accordion.default\">\n\t\t\t\t<div class=\"elementor-widget-container\">\n\t\t\t\t\t\t\t<div class=\"e-n-accordion\" aria-label=\"Accordion. Open links with Enter or Space, close with Escape, and navigate with Arrow Keys\">\n\t\t\t\t\t\t<details id=\"e-n-accordion-item-1780\" class=\"e-n-accordion-item\" >\n\t\t\t\t<summary class=\"e-n-accordion-item-title\" data-accordion-index=\"1\" tabindex=\"0\" aria-expanded=\"false\" aria-controls=\"e-n-accordion-item-1780\" >\n\t\t\t\t\t<span class='e-n-accordion-item-title-header'><div class=\"e-n-accordion-item-title-text\"> own work <\/div><\/span>\n\t\t\t\t\t\t\t<span class='e-n-accordion-item-title-icon'>\n\t\t\t<span class='e-opened' ><svg aria-hidden=\"true\" class=\"e-font-icon-svg e-fas-minus\" viewBox=\"0 0 448 512\" xmlns=\"http:\/\/www.w3.org\/2000\/svg\"><path d=\"M416 208H32c-17.67 0-32 14.33-32 32v32c0 17.67 14.33 32 32 32h384c17.67 0 32-14.33 32-32v-32c0-17.67-14.33-32-32-32z\"><\/path><\/svg><\/span>\n\t\t\t<span class='e-closed'><svg aria-hidden=\"true\" class=\"e-font-icon-svg e-fas-plus\" viewBox=\"0 0 448 512\" xmlns=\"http:\/\/www.w3.org\/2000\/svg\"><path d=\"M416 208H272V64c0-17.67-14.33-32-32-32h-32c-17.67 0-32 14.33-32 32v144H32c-17.67 0-32 14.33-32 32v32c0 17.67 14.33 32 32 32h144v144c0 17.67 14.33 32 32 32h32c17.67 0 32-14.33 32-32V304h144c17.67 0 32-14.33 32-32v-32c0-17.67-14.33-32-32-32z\"><\/path><\/svg><\/span>\n\t\t<\/span>\n\n\t\t\t\t\t\t<\/summary>\n\t\t\t\t<div role=\"region\" aria-labelledby=\"e-n-accordion-item-1780\" class=\"elementor-element elementor-element-4087816 e-con-full e-flex e-con e-child\" data-id=\"4087816\" data-element_type=\"container\" data-e-type=\"container\">\n\t\t\t\t<div class=\"elementor-element elementor-element-adad750 elementor-widget elementor-widget-text-editor\" data-id=\"adad750\" data-element_type=\"widget\" data-e-type=\"widget\" data-widget_type=\"text-editor.default\">\n\t\t\t\t<div class=\"elementor-widget-container\">\n\t\t\t\t\t\t\t\t\t<p>25 &#8211; 26<\/p>\t\t\t\t\t\t\t\t<\/div>\n\t\t\t\t<\/div>\n\t\t\t\t<div class=\"elementor-element elementor-element-b3a6170 elementor-widget elementor-widget-text-editor\" data-id=\"b3a6170\" data-element_type=\"widget\" data-e-type=\"widget\" data-widget_type=\"text-editor.default\">\n\t\t\t\t<div class=\"elementor-widget-container\">\n\t\t\t\t\t\t\t\t\t<p>14.06.26<br \/><strong><em>Mini Bubbles<\/em><\/strong><br \/>Festi&#8217;neuch, Neuch\u00e2tel, CH<\/p>\t\t\t\t\t\t\t\t<\/div>\n\t\t\t\t<\/div>\n\t\t\t\t<div class=\"elementor-element elementor-element-c1428ee elementor-widget elementor-widget-text-editor\" data-id=\"c1428ee\" data-element_type=\"widget\" data-e-type=\"widget\" data-widget_type=\"text-editor.default\">\n\t\t\t\t<div class=\"elementor-widget-container\">\n\t\t\t\t\t\t\t\t\t<p>26.05.26 &#8211; 30.05.26<br \/><strong><em>T&#8217;es bonne !<\/em><\/strong><br \/>Espace Nuithonie, Villars-sur-Gl\u00e2ne, CH<\/p>\t\t\t\t\t\t\t\t<\/div>\n\t\t\t\t<\/div>\n\t\t\t\t<div class=\"elementor-element elementor-element-fede645 elementor-widget elementor-widget-qi_addons_for_elementor_separator\" data-id=\"fede645\" data-element_type=\"widget\" data-e-type=\"widget\" data-widget_type=\"qi_addons_for_elementor_separator.default\">\n\t\t\t\t<div class=\"elementor-widget-container\">\n\t\t\t\t\t<div class=\"qodef-shortcode qodef-m qodef-qi-separator qodef-qi-clear qodef-separator--standard\">\n\t<div class=\"qodef-m-line\"><\/div>\n<\/div>\n\t\t\t\t<\/div>\n\t\t\t\t<\/div>\n\t\t\t\t<div class=\"elementor-element elementor-element-0b24fa6 elementor-widget elementor-widget-text-editor\" data-id=\"0b24fa6\" data-element_type=\"widget\" data-e-type=\"widget\" data-widget_type=\"text-editor.default\">\n\t\t\t\t<div class=\"elementor-widget-container\">\n\t\t\t\t\t\t\t\t\t<p>24 &#8211; 25<\/p>\t\t\t\t\t\t\t\t<\/div>\n\t\t\t\t<\/div>\n\t\t\t\t<div class=\"elementor-element elementor-element-3ddd4a5 elementor-widget elementor-widget-text-editor\" data-id=\"3ddd4a5\" data-element_type=\"widget\" data-e-type=\"widget\" data-widget_type=\"text-editor.default\">\n\t\t\t\t<div class=\"elementor-widget-container\">\n\t\t\t\t\t\t\t\t\t<p>17.05.25<strong><br \/><\/strong><em><strong>Hysteria Room#2<\/strong><br \/><\/em>Jade Albasini &amp; M\u00e9lanie Gobet, F\u00eate de la Danse \/ Nuit des Mus\u00e9es, MAHN \u2013 Mus\u00e9e d&#8217;Art et d&#8217;Histoire de Neuch\u00e2tel, CH<\/p>\t\t\t\t\t\t\t\t<\/div>\n\t\t\t\t<\/div>\n\t\t\t\t<div class=\"elementor-element elementor-element-71c1b16 elementor-widget elementor-widget-text-editor\" data-id=\"71c1b16\" data-element_type=\"widget\" data-e-type=\"widget\" data-widget_type=\"text-editor.default\">\n\t\t\t\t<div class=\"elementor-widget-container\">\n\t\t\t\t\t\t\t\t\t<p>15.05.25 &#8211; 16.05.25<strong><br \/><\/strong><em><strong>Hysteria Room#2<\/strong><br \/><\/em>Jade Albasini &amp; M\u00e9lanie Gobet, F\u00eate de la Danse, Th\u00e9\u00e2tre de la Maison du Concert, Neuch\u00e2tel, CH<\/p>\t\t\t\t\t\t\t\t<\/div>\n\t\t\t\t<\/div>\n\t\t\t\t<div class=\"elementor-element elementor-element-abcd44a elementor-widget elementor-widget-text-editor\" data-id=\"abcd44a\" data-element_type=\"widget\" data-e-type=\"widget\" data-widget_type=\"text-editor.default\">\n\t\t\t\t<div class=\"elementor-widget-container\">\n\t\t\t\t\t\t\t\t\t<p>12.05.25 &#8211; 13.05.25<strong><br \/><\/strong><em><strong>Mini Bubbles<\/strong><br \/><\/em>School performances, Fribourg, CH<\/p>\t\t\t\t\t\t\t\t<\/div>\n\t\t\t\t<\/div>\n\t\t\t\t<div class=\"elementor-element elementor-element-6888bee elementor-widget elementor-widget-qi_addons_for_elementor_separator\" data-id=\"6888bee\" data-element_type=\"widget\" data-e-type=\"widget\" data-widget_type=\"qi_addons_for_elementor_separator.default\">\n\t\t\t\t<div class=\"elementor-widget-container\">\n\t\t\t\t\t<div class=\"qodef-shortcode qodef-m qodef-qi-separator qodef-qi-clear qodef-separator--standard\">\n\t<div class=\"qodef-m-line\"><\/div>\n<\/div>\n\t\t\t\t<\/div>\n\t\t\t\t<\/div>\n\t\t\t\t<div class=\"elementor-element elementor-element-54d2eb1 elementor-widget elementor-widget-text-editor\" data-id=\"54d2eb1\" data-element_type=\"widget\" data-e-type=\"widget\" data-widget_type=\"text-editor.default\">\n\t\t\t\t<div class=\"elementor-widget-container\">\n\t\t\t\t\t\t\t\t\t<p>23 &#8211; 24<\/p>\t\t\t\t\t\t\t\t<\/div>\n\t\t\t\t<\/div>\n\t\t\t\t<div class=\"elementor-element elementor-element-bdf4ee8 elementor-widget elementor-widget-text-editor\" data-id=\"bdf4ee8\" data-element_type=\"widget\" data-e-type=\"widget\" data-widget_type=\"text-editor.default\">\n\t\t\t\t<div class=\"elementor-widget-container\">\n\t\t\t\t\t\t\t\t\t<p>03.05.24<br \/><strong><em>Mini Bubbles<\/em><\/strong><br \/>School performances, Fribourg, CH<\/p>\t\t\t\t\t\t\t\t<\/div>\n\t\t\t\t<\/div>\n\t\t\t\t<div class=\"elementor-element elementor-element-38b2d40 elementor-widget elementor-widget-text-editor\" data-id=\"38b2d40\" data-element_type=\"widget\" data-e-type=\"widget\" data-widget_type=\"text-editor.default\">\n\t\t\t\t<div class=\"elementor-widget-container\">\n\t\t\t\t\t\t\t\t\t<p>11.04.24<br \/><strong><em>Mini Bubbles<\/em><\/strong><br \/>\u00cele de P\u00e2ques, Fribourg, CH<\/p>\t\t\t\t\t\t\t\t<\/div>\n\t\t\t\t<\/div>\n\t\t\t\t<div class=\"elementor-element elementor-element-082c1f1 elementor-widget elementor-widget-text-editor\" data-id=\"082c1f1\" data-element_type=\"widget\" data-e-type=\"widget\" data-widget_type=\"text-editor.default\">\n\t\t\t\t<div class=\"elementor-widget-container\">\n\t\t\t\t\t\t\t\t\t<p>04.10.23<br \/><em><strong>Mini Bubbles<\/strong><\/em><br \/>Foire du Valais, Martigny, CH<\/p>\t\t\t\t\t\t\t\t<\/div>\n\t\t\t\t<\/div>\n\t\t\t\t<div class=\"elementor-element elementor-element-44a9df4 elementor-widget elementor-widget-qi_addons_for_elementor_separator\" data-id=\"44a9df4\" data-element_type=\"widget\" data-e-type=\"widget\" data-widget_type=\"qi_addons_for_elementor_separator.default\">\n\t\t\t\t<div class=\"elementor-widget-container\">\n\t\t\t\t\t<div class=\"qodef-shortcode qodef-m qodef-qi-separator qodef-qi-clear qodef-separator--standard\">\n\t<div class=\"qodef-m-line\"><\/div>\n<\/div>\n\t\t\t\t<\/div>\n\t\t\t\t<\/div>\n\t\t\t\t<div class=\"elementor-element elementor-element-94ba854 elementor-widget elementor-widget-text-editor\" data-id=\"94ba854\" data-element_type=\"widget\" data-e-type=\"widget\" data-widget_type=\"text-editor.default\">\n\t\t\t\t<div class=\"elementor-widget-container\">\n\t\t\t\t\t\t\t\t\t<p>22 &#8211; 23<\/p>\t\t\t\t\t\t\t\t<\/div>\n\t\t\t\t<\/div>\n\t\t\t\t<div class=\"elementor-element elementor-element-8b0dd80 elementor-widget elementor-widget-text-editor\" data-id=\"8b0dd80\" data-element_type=\"widget\" data-e-type=\"widget\" data-widget_type=\"text-editor.default\">\n\t\t\t\t<div class=\"elementor-widget-container\">\n\t\t\t\t\t\t\t\t\t<p>09.07.23<br \/><strong><em>Mini Bubbles<\/em><\/strong><br \/>FestiCheyres, Cheyres, CH<\/p>\t\t\t\t\t\t\t\t<\/div>\n\t\t\t\t<\/div>\n\t\t\t\t<div class=\"elementor-element elementor-element-6c0831e elementor-widget elementor-widget-text-editor\" data-id=\"6c0831e\" data-element_type=\"widget\" data-e-type=\"widget\" data-widget_type=\"text-editor.default\">\n\t\t\t\t<div class=\"elementor-widget-container\">\n\t\t\t\t\t\t\t\t\t<p>27.06.23<br \/><em><strong>Mal de M\u00e8re<\/strong><\/em><br \/>Festival Belluard Bollwerk, Fribourg, CH<\/p>\t\t\t\t\t\t\t\t<\/div>\n\t\t\t\t<\/div>\n\t\t\t\t<div class=\"elementor-element elementor-element-a85adf2 elementor-widget elementor-widget-text-editor\" data-id=\"a85adf2\" data-element_type=\"widget\" data-e-type=\"widget\" data-widget_type=\"text-editor.default\">\n\t\t\t\t<div class=\"elementor-widget-container\">\n\t\t\t\t\t\t\t\t\t<p>13.05.23<br \/><em><strong>Charivari<\/strong><\/em><br \/>Jade Albasini &amp; M\u00e9lanie Gobet, F\u00eate de la Danse, Bulle, CH<\/p>\t\t\t\t\t\t\t\t<\/div>\n\t\t\t\t<\/div>\n\t\t\t\t<div class=\"elementor-element elementor-element-64de83e elementor-widget elementor-widget-text-editor\" data-id=\"64de83e\" data-element_type=\"widget\" data-e-type=\"widget\" data-widget_type=\"text-editor.default\">\n\t\t\t\t<div class=\"elementor-widget-container\">\n\t\t\t\t\t\t\t\t\t<p>08.05.23<br \/><em><strong>Mini Bubbles<\/strong><\/em><br \/>School performances, Fribourg, CH<\/p>\t\t\t\t\t\t\t\t<\/div>\n\t\t\t\t<\/div>\n\t\t\t\t<div class=\"elementor-element elementor-element-56e799b elementor-widget elementor-widget-text-editor\" data-id=\"56e799b\" data-element_type=\"widget\" data-e-type=\"widget\" data-widget_type=\"text-editor.default\">\n\t\t\t\t<div class=\"elementor-widget-container\">\n\t\t\t\t\t\t\t\t\t<p>04.10.22<strong><br \/><\/strong><em><strong>Charivari<\/strong><br \/><\/em>Jade Albasini &amp; M\u00e9lanie Gobet, Th\u00e9\u00e2tre Benno Besson, Yverdon-les-Bains, CH<\/p>\t\t\t\t\t\t\t\t<\/div>\n\t\t\t\t<\/div>\n\t\t\t\t<div class=\"elementor-element elementor-element-8cf6f00 elementor-widget elementor-widget-text-editor\" data-id=\"8cf6f00\" data-element_type=\"widget\" data-e-type=\"widget\" data-widget_type=\"text-editor.default\">\n\t\t\t\t<div class=\"elementor-widget-container\">\n\t\t\t\t\t\t\t\t\t<p>18.09.22<strong><br \/><\/strong><em><strong>i\u2019m a loner<\/strong><br \/><\/em>Biennale des Arts Fribourgeois, Bicubic, Romont, CH<\/p>\t\t\t\t\t\t\t\t<\/div>\n\t\t\t\t<\/div>\n\t\t\t\t<div class=\"elementor-element elementor-element-7da2dcc elementor-widget elementor-widget-qi_addons_for_elementor_separator\" data-id=\"7da2dcc\" data-element_type=\"widget\" data-e-type=\"widget\" data-widget_type=\"qi_addons_for_elementor_separator.default\">\n\t\t\t\t<div class=\"elementor-widget-container\">\n\t\t\t\t\t<div class=\"qodef-shortcode qodef-m qodef-qi-separator qodef-qi-clear qodef-separator--standard\">\n\t<div class=\"qodef-m-line\"><\/div>\n<\/div>\n\t\t\t\t<\/div>\n\t\t\t\t<\/div>\n\t\t\t\t<div class=\"elementor-element elementor-element-3dc3d61 elementor-widget elementor-widget-text-editor\" data-id=\"3dc3d61\" data-element_type=\"widget\" data-e-type=\"widget\" data-widget_type=\"text-editor.default\">\n\t\t\t\t<div class=\"elementor-widget-container\">\n\t\t\t\t\t\t\t\t\t<p>21 &#8211; 22<\/p><p> <\/p>\t\t\t\t\t\t\t\t<\/div>\n\t\t\t\t<\/div>\n\t\t\t\t<div class=\"elementor-element elementor-element-80485ee elementor-widget elementor-widget-text-editor\" data-id=\"80485ee\" data-element_type=\"widget\" data-e-type=\"widget\" data-widget_type=\"text-editor.default\">\n\t\t\t\t<div class=\"elementor-widget-container\">\n\t\t\t\t\t\t\t\t\t<p>11.08.22<strong><br \/><\/strong><em><strong>Charivari<\/strong><br \/><\/em>Jade Albasini &amp; M\u00e9lanie Gobet, Mus\u00e9e Lat\u00e9nium, Hauterive, CH<\/p>\t\t\t\t\t\t\t\t<\/div>\n\t\t\t\t<\/div>\n\t\t\t\t<div class=\"elementor-element elementor-element-1e261f9 elementor-widget elementor-widget-text-editor\" data-id=\"1e261f9\" data-element_type=\"widget\" data-e-type=\"widget\" data-widget_type=\"text-editor.default\">\n\t\t\t\t<div class=\"elementor-widget-container\">\n\t\t\t\t\t\t\t\t\t<p>08.07.22<strong><br \/><\/strong><em><strong>CONFETTI<\/strong><br \/><\/em>BANG BANG \u2013 histoire:s translocale:s de la performance, Mus\u00e9e Tinguely, B\u00e2le, CH<\/p>\t\t\t\t\t\t\t\t<\/div>\n\t\t\t\t<\/div>\n\t\t\t\t<div class=\"elementor-element elementor-element-0fa4813 elementor-widget elementor-widget-text-editor\" data-id=\"0fa4813\" data-element_type=\"widget\" data-e-type=\"widget\" data-widget_type=\"text-editor.default\">\n\t\t\t\t<div class=\"elementor-widget-container\">\n\t\t\t\t\t\t\t\t\t<p>15.05.22<strong><br \/><\/strong><em><strong>Mini Bubbles<\/strong><br \/><\/em>Das Tanzfest, Aarau, CH<\/p>\t\t\t\t\t\t\t\t<\/div>\n\t\t\t\t<\/div>\n\t\t\t\t<div class=\"elementor-element elementor-element-923dd1c elementor-widget elementor-widget-text-editor\" data-id=\"923dd1c\" data-element_type=\"widget\" data-e-type=\"widget\" data-widget_type=\"text-editor.default\">\n\t\t\t\t<div class=\"elementor-widget-container\">\n\t\t\t\t\t\t\t\t\t<p>15.05.22<strong><br \/><\/strong><em><strong>Mini Bubbles<\/strong><br \/><\/em>F\u00eate de la Danse, Yverdon-les-Bains, CH<\/p>\t\t\t\t\t\t\t\t<\/div>\n\t\t\t\t<\/div>\n\t\t\t\t<div class=\"elementor-element elementor-element-bfb4bcb elementor-widget elementor-widget-text-editor\" data-id=\"bfb4bcb\" data-element_type=\"widget\" data-e-type=\"widget\" data-widget_type=\"text-editor.default\">\n\t\t\t\t<div class=\"elementor-widget-container\">\n\t\t\t\t\t\t\t\t\t<p>14.05.22<strong><br \/><\/strong><em><strong>Mini Bubbles<\/strong><br \/><\/em>F\u00eate de la Danse, Fribourg, CH<\/p>\t\t\t\t\t\t\t\t<\/div>\n\t\t\t\t<\/div>\n\t\t\t\t<div class=\"elementor-element elementor-element-f296c24 elementor-widget elementor-widget-text-editor\" data-id=\"f296c24\" data-element_type=\"widget\" data-e-type=\"widget\" data-widget_type=\"text-editor.default\">\n\t\t\t\t<div class=\"elementor-widget-container\">\n\t\t\t\t\t\t\t\t\t<p>14.05.22<strong><br \/><\/strong><em><strong>Mini Bubbles<\/strong><br \/><\/em>F\u00eate de la Danse, Bulle, CH<\/p>\t\t\t\t\t\t\t\t<\/div>\n\t\t\t\t<\/div>\n\t\t\t\t<div class=\"elementor-element elementor-element-2c9c2c8 elementor-widget elementor-widget-text-editor\" data-id=\"2c9c2c8\" data-element_type=\"widget\" data-e-type=\"widget\" data-widget_type=\"text-editor.default\">\n\t\t\t\t<div class=\"elementor-widget-container\">\n\t\t\t\t\t\t\t\t\t<p>13.05.22<strong><br \/><\/strong><em><strong>Mini Bubbles<\/strong><br \/><\/em>F\u00eate de la Danse, Gland, CH<\/p>\t\t\t\t\t\t\t\t<\/div>\n\t\t\t\t<\/div>\n\t\t\t\t<div class=\"elementor-element elementor-element-a74d03b elementor-widget elementor-widget-text-editor\" data-id=\"a74d03b\" data-element_type=\"widget\" data-e-type=\"widget\" data-widget_type=\"text-editor.default\">\n\t\t\t\t<div class=\"elementor-widget-container\">\n\t\t\t\t\t\t\t\t\t<p>13.05.22<strong><br \/><\/strong><em><strong>Mini Bubbles<\/strong><br \/><\/em>F\u00eate de la Danse, Rolle, CH<\/p>\t\t\t\t\t\t\t\t<\/div>\n\t\t\t\t<\/div>\n\t\t\t\t<div class=\"elementor-element elementor-element-58918e7 elementor-widget elementor-widget-text-editor\" data-id=\"58918e7\" data-element_type=\"widget\" data-e-type=\"widget\" data-widget_type=\"text-editor.default\">\n\t\t\t\t<div class=\"elementor-widget-container\">\n\t\t\t\t\t\t\t\t\t<p>12.05.22<strong><br \/><\/strong><em><strong>Mini Bubbles<\/strong><br \/><\/em>Das Tanzfest, B\u00e2le, CH<\/p>\t\t\t\t\t\t\t\t<\/div>\n\t\t\t\t<\/div>\n\t\t\t\t<div class=\"elementor-element elementor-element-85d28c7 elementor-widget elementor-widget-text-editor\" data-id=\"85d28c7\" data-element_type=\"widget\" data-e-type=\"widget\" data-widget_type=\"text-editor.default\">\n\t\t\t\t<div class=\"elementor-widget-container\">\n\t\t\t\t\t\t\t\t\t<p>11.05.22<strong><br \/><\/strong><em><strong>Mini Bubbles<\/strong><br \/><\/em>F\u00eate de la Danse, Fribourg, CH<\/p>\t\t\t\t\t\t\t\t<\/div>\n\t\t\t\t<\/div>\n\t\t\t\t<div class=\"elementor-element elementor-element-fbde2b4 elementor-widget elementor-widget-text-editor\" data-id=\"fbde2b4\" data-element_type=\"widget\" data-e-type=\"widget\" data-widget_type=\"text-editor.default\">\n\t\t\t\t<div class=\"elementor-widget-container\">\n\t\t\t\t\t\t\t\t\t<p>15.04 \u2013 16.04.22<strong><br \/><\/strong><em><strong>BOOM<\/strong><br \/><\/em>Lucky Trimmer #28, Sophiensaele, Berlin, DE<\/p>\t\t\t\t\t\t\t\t<\/div>\n\t\t\t\t<\/div>\n\t\t\t\t<div class=\"elementor-element elementor-element-87e2e80 elementor-widget elementor-widget-text-editor\" data-id=\"87e2e80\" data-element_type=\"widget\" data-e-type=\"widget\" data-widget_type=\"text-editor.default\">\n\t\t\t\t<div class=\"elementor-widget-container\">\n\t\t\t\t\t\t\t\t\t<p>11.12.21<br \/><strong><em>Artist&#8217;s Choice &#8211; Curated by M\u00e9lanie Gobet<\/em><\/strong><br \/>Fri-Son, Fribourg, CH<\/p>\t\t\t\t\t\t\t\t<\/div>\n\t\t\t\t<\/div>\n\t\t\t\t<div class=\"elementor-element elementor-element-910db1d elementor-widget elementor-widget-text-editor\" data-id=\"910db1d\" data-element_type=\"widget\" data-e-type=\"widget\" data-widget_type=\"text-editor.default\">\n\t\t\t\t<div class=\"elementor-widget-container\">\n\t\t\t\t\t\t\t\t\t<p>18.11.21 &#8211; 28.11.21<br \/><strong><em>Hysteria Room#1 + Workshop<\/em><\/strong><br \/>Jade Albasini &amp; M\u00e9lanie Gobet, Modaperf Festival, Douala, Dschang, Yaound\u00e9, CM<\/p>\t\t\t\t\t\t\t\t<\/div>\n\t\t\t\t<\/div>\n\t\t\t\t<div class=\"elementor-element elementor-element-8e82e39 elementor-widget elementor-widget-text-editor\" data-id=\"8e82e39\" data-element_type=\"widget\" data-e-type=\"widget\" data-widget_type=\"text-editor.default\">\n\t\t\t\t<div class=\"elementor-widget-container\">\n\t\t\t\t\t\t\t\t\t<p>22.09.21 &#8211; 25.09.21<br \/><strong><em>Grand Opening<\/em><\/strong><br \/>Weekend prolong\u00e9, blueFactory, Fribourg CH<\/p>\t\t\t\t\t\t\t\t<\/div>\n\t\t\t\t<\/div>\n\t\t\t\t<div class=\"elementor-element elementor-element-c8f7afe elementor-widget elementor-widget-qi_addons_for_elementor_separator\" data-id=\"c8f7afe\" data-element_type=\"widget\" data-e-type=\"widget\" data-widget_type=\"qi_addons_for_elementor_separator.default\">\n\t\t\t\t<div class=\"elementor-widget-container\">\n\t\t\t\t\t<div class=\"qodef-shortcode qodef-m qodef-qi-separator qodef-qi-clear qodef-separator--standard\">\n\t<div class=\"qodef-m-line\"><\/div>\n<\/div>\n\t\t\t\t<\/div>\n\t\t\t\t<\/div>\n\t\t\t\t<div class=\"elementor-element elementor-element-4fbc052 elementor-widget elementor-widget-text-editor\" data-id=\"4fbc052\" data-element_type=\"widget\" data-e-type=\"widget\" data-widget_type=\"text-editor.default\">\n\t\t\t\t<div class=\"elementor-widget-container\">\n\t\t\t\t\t\t\t\t\t<p>20 &#8211; 21<\/p>\t\t\t\t\t\t\t\t<\/div>\n\t\t\t\t<\/div>\n\t\t\t\t<div class=\"elementor-element elementor-element-a719159 elementor-widget elementor-widget-text-editor\" data-id=\"a719159\" data-element_type=\"widget\" data-e-type=\"widget\" data-widget_type=\"text-editor.default\">\n\t\t\t\t<div class=\"elementor-widget-container\">\n\t\t\t\t\t\t\t\t\t<p>01.07.21 &#8211; 04.07.21<br \/><strong><em>i&#8217;m a loner<\/em><\/strong><br \/>Equilibre-Nuithonie, Fribourg, CH<\/p>\t\t\t\t\t\t\t\t<\/div>\n\t\t\t\t<\/div>\n\t\t\t\t<div class=\"elementor-element elementor-element-8f1967e elementor-widget elementor-widget-text-editor\" data-id=\"8f1967e\" data-element_type=\"widget\" data-e-type=\"widget\" data-widget_type=\"text-editor.default\">\n\t\t\t\t<div class=\"elementor-widget-container\">\n\t\t\t\t\t\t\t\t\t<p>28.05.21<br \/><strong><em>intestines<\/em><\/strong><br \/>Solo-Festival, Wildwuchs Festival, Kaserne, Basel, CH<\/p>\t\t\t\t\t\t\t\t<\/div>\n\t\t\t\t<\/div>\n\t\t\t\t<div class=\"elementor-element elementor-element-e8b3ad6 elementor-widget elementor-widget-text-editor\" data-id=\"e8b3ad6\" data-element_type=\"widget\" data-e-type=\"widget\" data-widget_type=\"text-editor.default\">\n\t\t\t\t<div class=\"elementor-widget-container\">\n\t\t\t\t\t\t\t\t\t<p>08.05.21<br \/><strong><em>Charivari<\/em><\/strong><br \/>Jade Albasini &amp; M\u00e9lanie Gobet, F\u00eate de la Danse, Salle del Castillo, Vevey, CH<\/p>\t\t\t\t\t\t\t\t<\/div>\n\t\t\t\t<\/div>\n\t\t\t\t<div class=\"elementor-element elementor-element-a0aa7b3 elementor-widget elementor-widget-text-editor\" data-id=\"a0aa7b3\" data-element_type=\"widget\" data-e-type=\"widget\" data-widget_type=\"text-editor.default\">\n\t\t\t\t<div class=\"elementor-widget-container\">\n\t\t\t\t\t\t\t\t\t<p>13.01.21 &#8211; 17.01.21<br \/><strong><em>Charivari<\/em><\/strong><br \/>Jade Albasini &amp; M\u00e9lanie Gobet, Les Chor\u00e9graphique#6, Th\u00e9\u00e2tre L&#8217;Oriental, Vevey, CH<\/p>\t\t\t\t\t\t\t\t<\/div>\n\t\t\t\t<\/div>\n\t\t\t\t<div class=\"elementor-element elementor-element-899c1d3 elementor-widget elementor-widget-text-editor\" data-id=\"899c1d3\" data-element_type=\"widget\" data-e-type=\"widget\" data-widget_type=\"text-editor.default\">\n\t\t\t\t<div class=\"elementor-widget-container\">\n\t\t\t\t\t\t\t\t\t<p>12.12.20<br \/><strong><em>Charivari<\/em><\/strong><br \/>Jade Albasini &amp; M\u00e9lanie Gobet, Festival Hasard, Teatro Virtual, Gate blueFactory, Fribourg, CH<\/p>\t\t\t\t\t\t\t\t<\/div>\n\t\t\t\t<\/div>\n\t\t\t\t<div class=\"elementor-element elementor-element-cdc9299 elementor-widget elementor-widget-text-editor\" data-id=\"cdc9299\" data-element_type=\"widget\" data-e-type=\"widget\" data-widget_type=\"text-editor.default\">\n\t\t\t\t<div class=\"elementor-widget-container\">\n\t\t\t\t\t\t\t\t\t<p>05.12.20<strong><br \/><\/strong><em><strong>intestines<\/strong><br \/><\/em>Festival Hasard, Teatro Virtual, Gate blueFactory, Fribourg, CH<\/p>\t\t\t\t\t\t\t\t<\/div>\n\t\t\t\t<\/div>\n\t\t\t\t<div class=\"elementor-element elementor-element-231b56b elementor-widget elementor-widget-qi_addons_for_elementor_separator\" data-id=\"231b56b\" data-element_type=\"widget\" data-e-type=\"widget\" data-widget_type=\"qi_addons_for_elementor_separator.default\">\n\t\t\t\t<div class=\"elementor-widget-container\">\n\t\t\t\t\t<div class=\"qodef-shortcode qodef-m qodef-qi-separator qodef-qi-clear qodef-separator--standard\">\n\t<div class=\"qodef-m-line\"><\/div>\n<\/div>\n\t\t\t\t<\/div>\n\t\t\t\t<\/div>\n\t\t\t\t<div class=\"elementor-element elementor-element-72f5687 elementor-widget elementor-widget-text-editor\" data-id=\"72f5687\" data-element_type=\"widget\" data-e-type=\"widget\" data-widget_type=\"text-editor.default\">\n\t\t\t\t<div class=\"elementor-widget-container\">\n\t\t\t\t\t\t\t\t\t<p>19 &#8211; 20<\/p>\t\t\t\t\t\t\t\t<\/div>\n\t\t\t\t<\/div>\n\t\t\t\t<div class=\"elementor-element elementor-element-81a8b34 elementor-widget elementor-widget-text-editor\" data-id=\"81a8b34\" data-element_type=\"widget\" data-e-type=\"widget\" data-widget_type=\"text-editor.default\">\n\t\t\t\t<div class=\"elementor-widget-container\">\n\t\t\t\t\t\t\t\t\t<p>08.08.20<strong><br \/><\/strong><em><strong>intestines<\/strong><br \/><\/em>S\u00fcdpol goes&#8230;, Sommer Caf\u00e9, Lucerne, CH<\/p>\t\t\t\t\t\t\t\t<\/div>\n\t\t\t\t<\/div>\n\t\t\t\t<div class=\"elementor-element elementor-element-2207f21 elementor-widget elementor-widget-text-editor\" data-id=\"2207f21\" data-element_type=\"widget\" data-e-type=\"widget\" data-widget_type=\"text-editor.default\">\n\t\t\t\t<div class=\"elementor-widget-container\">\n\t\t\t\t\t\t\t\t\t<p>31.07.20<br \/><strong><em>intestines<\/em><\/strong><br \/>Festival EnCorpsEnSemble, Jardin Botanique Alpin, Meyrin, CH<\/p>\t\t\t\t\t\t\t\t<\/div>\n\t\t\t\t<\/div>\n\t\t\t\t<div class=\"elementor-element elementor-element-22e2e3a elementor-widget elementor-widget-text-editor\" data-id=\"22e2e3a\" data-element_type=\"widget\" data-e-type=\"widget\" data-widget_type=\"text-editor.default\">\n\t\t\t\t<div class=\"elementor-widget-container\">\n\t\t\t\t\t\t\t\t\t<p>15.07.20<br \/><strong><strong><em>Bubbles<\/em><\/strong><\/strong><br \/>Festival Re!, blueFactory, Fribourg, CH<\/p>\t\t\t\t\t\t\t\t<\/div>\n\t\t\t\t<\/div>\n\t\t\t\t<div class=\"elementor-element elementor-element-ca96865 elementor-widget elementor-widget-text-editor\" data-id=\"ca96865\" data-element_type=\"widget\" data-e-type=\"widget\" data-widget_type=\"text-editor.default\">\n\t\t\t\t<div class=\"elementor-widget-container\">\n\t\t\t\t\t\t\t\t\t<p>03.01.20<br \/><strong><em>intestines<\/em><\/strong><br \/>Lausanne Space Dance, Le Bourg, Lausanne, CH<\/p>\t\t\t\t\t\t\t\t<\/div>\n\t\t\t\t<\/div>\n\t\t\t\t<div class=\"elementor-element elementor-element-d716906 elementor-widget elementor-widget-text-editor\" data-id=\"d716906\" data-element_type=\"widget\" data-e-type=\"widget\" data-widget_type=\"text-editor.default\">\n\t\t\t\t<div class=\"elementor-widget-container\">\n\t\t\t\t\t\t\t\t\t<p>14.12.19<br \/><em><strong>intestines<\/strong><\/em><br \/>Contradicciones, Casa Suiza de La Boca, Buenos Aires, ARG<\/p>\t\t\t\t\t\t\t\t<\/div>\n\t\t\t\t<\/div>\n\t\t\t\t<div class=\"elementor-element elementor-element-99620fc elementor-widget elementor-widget-text-editor\" data-id=\"99620fc\" data-element_type=\"widget\" data-e-type=\"widget\" data-widget_type=\"text-editor.default\">\n\t\t\t\t<div class=\"elementor-widget-container\">\n\t\t\t\t\t\t\t\t\t<p>15.11.19 &#8211; 24.11.19<br \/><em><strong>intestines<\/strong><\/em><br \/>Festival Modaperf, Douala, Dschang, Yaound\u00e9, CM<\/p>\t\t\t\t\t\t\t\t<\/div>\n\t\t\t\t<\/div>\n\t\t\t\t<div class=\"elementor-element elementor-element-59449e9 elementor-widget elementor-widget-qi_addons_for_elementor_separator\" data-id=\"59449e9\" data-element_type=\"widget\" data-e-type=\"widget\" data-widget_type=\"qi_addons_for_elementor_separator.default\">\n\t\t\t\t<div class=\"elementor-widget-container\">\n\t\t\t\t\t<div class=\"qodef-shortcode qodef-m qodef-qi-separator qodef-qi-clear qodef-separator--standard\">\n\t<div class=\"qodef-m-line\"><\/div>\n<\/div>\n\t\t\t\t<\/div>\n\t\t\t\t<\/div>\n\t\t\t\t<div class=\"elementor-element elementor-element-6719b43 elementor-widget elementor-widget-text-editor\" data-id=\"6719b43\" data-element_type=\"widget\" data-e-type=\"widget\" data-widget_type=\"text-editor.default\">\n\t\t\t\t<div class=\"elementor-widget-container\">\n\t\t\t\t\t\t\t\t\t<p>17 &#8211; 18<\/p>\t\t\t\t\t\t\t\t<\/div>\n\t\t\t\t<\/div>\n\t\t\t\t<div class=\"elementor-element elementor-element-ce461c3 elementor-widget elementor-widget-text-editor\" data-id=\"ce461c3\" data-element_type=\"widget\" data-e-type=\"widget\" data-widget_type=\"text-editor.default\">\n\t\t\t\t<div class=\"elementor-widget-container\">\n\t\t\t\t\t\t\t\t\t<p>06.05.18<br \/>Bubbles<br \/>Das Tanzfest, Basel, CH <\/p>\t\t\t\t\t\t\t\t<\/div>\n\t\t\t\t<\/div>\n\t\t\t\t<div class=\"elementor-element elementor-element-3070e25 elementor-widget elementor-widget-text-editor\" data-id=\"3070e25\" data-element_type=\"widget\" data-e-type=\"widget\" data-widget_type=\"text-editor.default\">\n\t\t\t\t<div class=\"elementor-widget-container\">\n\t\t\t\t\t\t\t\t\t<p>06.05.18<br \/><strong><em>Bubbles<\/em><\/strong><br \/>Z\u00fcrich Tanzt, Z\u00fcrich CH<\/p>\t\t\t\t\t\t\t\t<\/div>\n\t\t\t\t<\/div>\n\t\t\t\t<div class=\"elementor-element elementor-element-74b1131 elementor-widget elementor-widget-text-editor\" data-id=\"74b1131\" data-element_type=\"widget\" data-e-type=\"widget\" data-widget_type=\"text-editor.default\">\n\t\t\t\t<div class=\"elementor-widget-container\">\n\t\t\t\t\t\t\t\t\t<p>05.05.18<br \/><strong><em>Bubbles<\/em><\/strong><br \/>Das Tanzfest, Luzern , CH<\/p>\t\t\t\t\t\t\t\t<\/div>\n\t\t\t\t<\/div>\n\t\t\t\t<div class=\"elementor-element elementor-element-a05646b elementor-widget elementor-widget-text-editor\" data-id=\"a05646b\" data-element_type=\"widget\" data-e-type=\"widget\" data-widget_type=\"text-editor.default\">\n\t\t\t\t<div class=\"elementor-widget-container\">\n\t\t\t\t\t\t\t\t\t<p>05.05.18<br \/><strong><em>Bubbles<\/em><\/strong><br \/>Das Tanzfest, Zug, CH<\/p>\t\t\t\t\t\t\t\t<\/div>\n\t\t\t\t<\/div>\n\t\t\t\t<div class=\"elementor-element elementor-element-d85c91c elementor-widget elementor-widget-text-editor\" data-id=\"d85c91c\" data-element_type=\"widget\" data-e-type=\"widget\" data-widget_type=\"text-editor.default\">\n\t\t\t\t<div class=\"elementor-widget-container\">\n\t\t\t\t\t\t\t\t\t<p>05.05.18<br \/><strong><em>Bubbles<\/em><\/strong><br \/>Das Tanzfest, Aarau, CH<\/p>\t\t\t\t\t\t\t\t<\/div>\n\t\t\t\t<\/div>\n\t\t\t\t<div class=\"elementor-element elementor-element-a2bedf6 elementor-widget elementor-widget-text-editor\" data-id=\"a2bedf6\" data-element_type=\"widget\" data-e-type=\"widget\" data-widget_type=\"text-editor.default\">\n\t\t\t\t<div class=\"elementor-widget-container\">\n\t\t\t\t\t\t\t\t\t<p>04.05.18<br \/><strong><em>Bubbles<\/em><\/strong><br \/>F\u00eate de la Danse, Geneva, CH<\/p>\t\t\t\t\t\t\t\t<\/div>\n\t\t\t\t<\/div>\n\t\t\t\t<div class=\"elementor-element elementor-element-65abf52 elementor-widget elementor-widget-text-editor\" data-id=\"65abf52\" data-element_type=\"widget\" data-e-type=\"widget\" data-widget_type=\"text-editor.default\">\n\t\t\t\t<div class=\"elementor-widget-container\">\n\t\t\t\t\t\t\t\t\t<p>03.05.18<br \/><strong><em>Bubbles<\/em><\/strong><br \/>F\u00eate de la Danse, Fribourg, CH<\/p>\t\t\t\t\t\t\t\t<\/div>\n\t\t\t\t<\/div>\n\t\t\t\t<div class=\"elementor-element elementor-element-0e59637 elementor-widget elementor-widget-text-editor\" data-id=\"0e59637\" data-element_type=\"widget\" data-e-type=\"widget\" data-widget_type=\"text-editor.default\">\n\t\t\t\t<div class=\"elementor-widget-container\">\n\t\t\t\t\t\t\t\t\t<p>17.04.18<br \/><strong><em>it&#8217;s not warm when she&#8217;s away #3<\/em><\/strong><br \/>ACT Bern, Dampzentrale Bern, CH<\/p>\t\t\t\t\t\t\t\t<\/div>\n\t\t\t\t<\/div>\n\t\t\t\t<div class=\"elementor-element elementor-element-6cd9a5d elementor-widget elementor-widget-text-editor\" data-id=\"6cd9a5d\" data-element_type=\"widget\" data-e-type=\"widget\" data-widget_type=\"text-editor.default\">\n\t\t\t\t<div class=\"elementor-widget-container\">\n\t\t\t\t\t\t\t\t\t<p>17.04.18<br \/><strong><em>it&#8217;s not warm when she&#8217;s away #3<\/em><\/strong><br \/>ACT Bern, Dampzentrale Bern, CH<\/p>\t\t\t\t\t\t\t\t<\/div>\n\t\t\t\t<\/div>\n\t\t\t\t<div class=\"elementor-element elementor-element-5888742 elementor-widget elementor-widget-text-editor\" data-id=\"5888742\" data-element_type=\"widget\" data-e-type=\"widget\" data-widget_type=\"text-editor.default\">\n\t\t\t\t<div class=\"elementor-widget-container\">\n\t\t\t\t\t\t\t\t\t<p>03.04.18 &#8211; 05.04.18<br \/><strong><em>it&#8217;s not warm when she&#8217;s away #2<\/em><\/strong><br \/>Excentricit\u00e9s IX, ISBA, Besan\u00e7on, FR<\/p>\t\t\t\t\t\t\t\t<\/div>\n\t\t\t\t<\/div>\n\t\t\t\t<div class=\"elementor-element elementor-element-bc495b8 elementor-widget elementor-widget-text-editor\" data-id=\"bc495b8\" data-element_type=\"widget\" data-e-type=\"widget\" data-widget_type=\"text-editor.default\">\n\t\t\t\t<div class=\"elementor-widget-container\">\n\t\t\t\t\t\t\t\t\t<p>10.03.18 &#8211; 24.03.18<br \/><strong><em>it&#8217;s not warm when she&#8217;s away #1<\/em><\/strong><br \/>Kein Wunder, WallRiss &amp; FIFF, Fribourg, CH<\/p>\t\t\t\t\t\t\t\t<\/div>\n\t\t\t\t<\/div>\n\t\t\t\t<div class=\"elementor-element elementor-element-2300192 elementor-widget elementor-widget-text-editor\" data-id=\"2300192\" data-element_type=\"widget\" data-e-type=\"widget\" data-widget_type=\"text-editor.default\">\n\t\t\t\t<div class=\"elementor-widget-container\">\n\t\t\t\t\t\t\t\t\t<p>14.10.17<br \/><strong><em>CONFETTIII<\/em><\/strong><br \/>Fribi White Card &#8211; Fri-Art, blueFactory, Fribourg, CH<\/p>\t\t\t\t\t\t\t\t<\/div>\n\t\t\t\t<\/div>\n\t\t\t\t<div class=\"elementor-element elementor-element-de04b17 elementor-widget elementor-widget-text-editor\" data-id=\"de04b17\" data-element_type=\"widget\" data-e-type=\"widget\" data-widget_type=\"text-editor.default\">\n\t\t\t\t<div class=\"elementor-widget-container\">\n\t\t\t\t\t\t\t\t\t<p>30.09.17<br \/><strong><em>CONFETTII<\/em><\/strong><br \/>Stereoskop, Performance-Festival, Wunderkammer, Z\u00fcrich, CH<\/p>\t\t\t\t\t\t\t\t<\/div>\n\t\t\t\t<\/div>\n\t\t\t\t<div class=\"elementor-element elementor-element-db58cba elementor-widget elementor-widget-text-editor\" data-id=\"db58cba\" data-element_type=\"widget\" data-e-type=\"widget\" data-widget_type=\"text-editor.default\">\n\t\t\t\t<div class=\"elementor-widget-container\">\n\t\t\t\t\t\t\t\t\t<p> 01.09.17<br \/>CONFETTI<br \/>Opening &#8220;Palais de Confettis&#8221;, Gr\u00e9gory Sugnaux, FAQ Galerie, Basel, CH<\/p>\t\t\t\t\t\t\t\t<\/div>\n\t\t\t\t<\/div>\n\t\t\t\t<div class=\"elementor-element elementor-element-51a8b25 elementor-widget elementor-widget-spacer\" data-id=\"51a8b25\" data-element_type=\"widget\" data-e-type=\"widget\" data-widget_type=\"spacer.default\">\n\t\t\t\t<div class=\"elementor-widget-container\">\n\t\t\t\t\t\t\t<div class=\"elementor-spacer\">\n\t\t\t<div class=\"elementor-spacer-inner\"><\/div>\n\t\t<\/div>\n\t\t\t\t\t\t<\/div>\n\t\t\t\t<\/div>\n\t\t\t\t<div class=\"elementor-element elementor-element-2370af6 elementor-widget elementor-widget-qi_addons_for_elementor_separator\" data-id=\"2370af6\" data-element_type=\"widget\" data-e-type=\"widget\" data-widget_type=\"qi_addons_for_elementor_separator.default\">\n\t\t\t\t<div class=\"elementor-widget-container\">\n\t\t\t\t\t<div class=\"qodef-shortcode qodef-m qodef-qi-separator qodef-qi-clear qodef-separator--standard\">\n\t<div class=\"qodef-m-line\"><\/div>\n<\/div>\n\t\t\t\t<\/div>\n\t\t\t\t<\/div>\n\t\t\t\t<\/div>\n\t\t\t\t\t<\/details>\n\t\t\t\t\t\t<details id=\"e-n-accordion-item-1781\" class=\"e-n-accordion-item\" >\n\t\t\t\t<summary class=\"e-n-accordion-item-title\" data-accordion-index=\"2\" tabindex=\"-1\" aria-expanded=\"false\" aria-controls=\"e-n-accordion-item-1781\" >\n\t\t\t\t\t<span class='e-n-accordion-item-title-header'><div class=\"e-n-accordion-item-title-text\"> collaborations <\/div><\/span>\n\t\t\t\t\t\t\t<span class='e-n-accordion-item-title-icon'>\n\t\t\t<span class='e-opened' ><svg aria-hidden=\"true\" class=\"e-font-icon-svg e-fas-minus\" viewBox=\"0 0 448 512\" xmlns=\"http:\/\/www.w3.org\/2000\/svg\"><path d=\"M416 208H32c-17.67 0-32 14.33-32 32v32c0 17.67 14.33 32 32 32h384c17.67 0 32-14.33 32-32v-32c0-17.67-14.33-32-32-32z\"><\/path><\/svg><\/span>\n\t\t\t<span class='e-closed'><svg aria-hidden=\"true\" class=\"e-font-icon-svg e-fas-plus\" viewBox=\"0 0 448 512\" xmlns=\"http:\/\/www.w3.org\/2000\/svg\"><path d=\"M416 208H272V64c0-17.67-14.33-32-32-32h-32c-17.67 0-32 14.33-32 32v144H32c-17.67 0-32 14.33-32 32v32c0 17.67 14.33 32 32 32h144v144c0 17.67 14.33 32 32 32h32c17.67 0 32-14.33 32-32V304h144c17.67 0 32-14.33 32-32v-32c0-17.67-14.33-32-32-32z\"><\/path><\/svg><\/span>\n\t\t<\/span>\n\n\t\t\t\t\t\t<\/summary>\n\t\t\t\t<div role=\"region\" aria-labelledby=\"e-n-accordion-item-1781\" class=\"elementor-element elementor-element-4815094 e-con-full e-flex e-con e-child\" data-id=\"4815094\" data-element_type=\"container\" data-e-type=\"container\">\n\t\t\t\t<div class=\"elementor-element elementor-element-7227841 elementor-widget elementor-widget-text-editor\" data-id=\"7227841\" data-element_type=\"widget\" data-e-type=\"widget\" data-widget_type=\"text-editor.default\">\n\t\t\t\t<div class=\"elementor-widget-container\">\n\t\t\t\t\t\t\t\t\t<p>25 &#8211; 26<\/p>\t\t\t\t\t\t\t\t<\/div>\n\t\t\t\t<\/div>\n\t\t\t\t<div class=\"elementor-element elementor-element-f56a4cd elementor-widget elementor-widget-text-editor\" data-id=\"f56a4cd\" data-element_type=\"widget\" data-e-type=\"widget\" data-widget_type=\"text-editor.default\">\n\t\t\t\t<div class=\"elementor-widget-container\">\n\t\t\t\t\t\t\t\t\t<p>21.03.26 &#8211; 22.03.26<br \/><em><strong>LE SACRE<\/strong><\/em><br \/><br \/><\/p>\t\t\t\t\t\t\t\t<\/div>\n\t\t\t\t<\/div>\n\t\t\t\t<div class=\"elementor-element elementor-element-8924167 elementor-widget elementor-widget-text-editor\" data-id=\"8924167\" data-element_type=\"widget\" data-e-type=\"widget\" data-widget_type=\"text-editor.default\">\n\t\t\t\t<div class=\"elementor-widget-container\">\n\t\t\t\t\t\t\t\t\t<p>13.02.26 &#8211; 22.02.26<em><strong><br \/>BRICKS<br \/><\/strong><\/em>Antipode Danse Tanz<em><br \/><\/em>choreography : Nicole Morel<br \/>13.02.26 : Prestige Centre for Performing Arts, Konanakunte, Bengalaru, IND<br \/>15.02.26 : Rangayana, Mysuru, IND<br \/>22.02.26 : National Centre for Performing Arts, Mumbai, IND<br \/>[performance \/ assistant]<\/p>\t\t\t\t\t\t\t\t<\/div>\n\t\t\t\t<\/div>\n\t\t\t\t<div class=\"elementor-element elementor-element-bc51484 elementor-widget elementor-widget-text-editor\" data-id=\"bc51484\" data-element_type=\"widget\" data-e-type=\"widget\" data-widget_type=\"text-editor.default\">\n\t\t\t\t<div class=\"elementor-widget-container\">\n\t\t\t\t\t\t\t\t\t<p>23.01.26 &#8211; 24.01.26<br \/>PINS AND NEEDLES<br \/>Concept : Mona LaDoll &amp; Maison Furieuse<br \/>Cirque Electrique,Paris, FR<br \/>[performance as MEL POPS]<\/p>\t\t\t\t\t\t\t\t<\/div>\n\t\t\t\t<\/div>\n\t\t\t\t<div class=\"elementor-element elementor-element-40a942f elementor-widget elementor-widget-text-editor\" data-id=\"40a942f\" data-element_type=\"widget\" data-e-type=\"widget\" data-widget_type=\"text-editor.default\">\n\t\t\t\t<div class=\"elementor-widget-container\">\n\t\t\t\t\t\t\t\t\t<p>15.01.26 &#8211; 25.01.26<br \/><em><strong>Long d\u00e9veloppement d\u2019un bref entretien<\/strong><\/em><br \/>Concept : Buro d\u2019Archi (Yann Hermenjat, Maude Bovet)<br \/>Espace Nuithonie, Villars-sur-Gl\u00e2ne, CH<br \/>[choreography outside eye]<\/p>\t\t\t\t\t\t\t\t<\/div>\n\t\t\t\t<\/div>\n\t\t\t\t<div class=\"elementor-element elementor-element-bb0b206 elementor-widget elementor-widget-text-editor\" data-id=\"bb0b206\" data-element_type=\"widget\" data-e-type=\"widget\" data-widget_type=\"text-editor.default\">\n\t\t\t\t<div class=\"elementor-widget-container\">\n\t\t\t\t\t\t\t\t\t<p>28.12.25 \/ 31.12.25 \/ 02.01.26 \/ 04.01.26<b><br \/><\/b><em><strong>Rusalka<\/strong><br \/><\/em>NOF &#8211; Nouvel Op\u00e9ra Fribourg<br \/>musical direction : Kaspar Zehnder<br \/>stage direction : Netia Jones<br \/>Th\u00e9\u00e2tre Equilibre, Fribourg, CH<br \/>[choreography]<\/p>\t\t\t\t\t\t\t\t<\/div>\n\t\t\t\t<\/div>\n\t\t\t\t<div class=\"elementor-element elementor-element-56615aa elementor-widget elementor-widget-text-editor\" data-id=\"56615aa\" data-element_type=\"widget\" data-e-type=\"widget\" data-widget_type=\"text-editor.default\">\n\t\t\t\t<div class=\"elementor-widget-container\">\n\t\t\t\t\t\t\t\t\t<p>30.10.25 &#8211; 02.11.25<strong><br \/><\/strong><em><strong>BRICKS<br \/><\/strong><\/em>Antipode Danse Tanz<em><br \/><\/em>chor\u00e9graphie : Nicole Morel<br \/>Espace Nuithonie, Villars-sur-Gl\u00e2ne, CH<br \/>[dance performance]<\/p>\t\t\t\t\t\t\t\t<\/div>\n\t\t\t\t<\/div>\n\t\t\t\t<div class=\"elementor-element elementor-element-8527a90 elementor-widget elementor-widget-text-editor\" data-id=\"8527a90\" data-element_type=\"widget\" data-e-type=\"widget\" data-widget_type=\"text-editor.default\">\n\t\t\t\t<div class=\"elementor-widget-container\">\n\t\t\t\t\t\t\t\t\t<p>23.10.25 &#8211; 26.10.25<br \/><em><strong>Na\u00eetre<br \/><\/strong><\/em>Cie Brosse Adam<em><strong><br \/><\/strong><\/em>stage direction : Alexandre Raemy<br \/>Aula du CO de Bulle, Bulle, CH<br \/>[choreography]<\/p>\t\t\t\t\t\t\t\t<\/div>\n\t\t\t\t<\/div>\n\t\t\t\t<div class=\"elementor-element elementor-element-98e0b8e elementor-widget elementor-widget-text-editor\" data-id=\"98e0b8e\" data-element_type=\"widget\" data-e-type=\"widget\" data-widget_type=\"text-editor.default\">\n\t\t\t\t<div class=\"elementor-widget-container\">\n\t\t\t\t\t\t\t\t\t<p>12.10.25 \/ 31.10.25 \/ 25.12.25 \/ 02.01.26<strong><br \/><\/strong><em><strong>La Traviata<\/strong><br \/><\/em>stage direction : Tamara Heimbrock, musical direction : Svetoslav Borisov<br \/>Theater Magdeburg, Opernhaus, Magdebourg, DE<br \/>[choreography]<\/p>\t\t\t\t\t\t\t\t<\/div>\n\t\t\t\t<\/div>\n\t\t\t\t<div class=\"elementor-element elementor-element-7d83b44 elementor-widget elementor-widget-qi_addons_for_elementor_separator\" data-id=\"7d83b44\" data-element_type=\"widget\" data-e-type=\"widget\" data-widget_type=\"qi_addons_for_elementor_separator.default\">\n\t\t\t\t<div class=\"elementor-widget-container\">\n\t\t\t\t\t<div class=\"qodef-shortcode qodef-m qodef-qi-separator qodef-qi-clear qodef-separator--standard\">\n\t<div class=\"qodef-m-line\"><\/div>\n<\/div>\n\t\t\t\t<\/div>\n\t\t\t\t<\/div>\n\t\t\t\t<div class=\"elementor-element elementor-element-aa9acff elementor-widget elementor-widget-text-editor\" data-id=\"aa9acff\" data-element_type=\"widget\" data-e-type=\"widget\" data-widget_type=\"text-editor.default\">\n\t\t\t\t<div class=\"elementor-widget-container\">\n\t\t\t\t\t\t\t\t\t<p>24 &#8211; 25<\/p>\t\t\t\t\t\t\t\t<\/div>\n\t\t\t\t<\/div>\n\t\t\t\t<div class=\"elementor-element elementor-element-ed66ce2 elementor-widget elementor-widget-text-editor\" data-id=\"ed66ce2\" data-element_type=\"widget\" data-e-type=\"widget\" data-widget_type=\"text-editor.default\">\n\t\t\t\t<div class=\"elementor-widget-container\">\n\t\t\t\t\t\t\t\t\t<p>28.08.25 &#8211; 06.09.25<strong><br \/><\/strong><em><strong>Ici rien ne va<\/strong><br \/><\/em>Cie Naponk<br \/>concept : Maude Bovey, Luis Henkes, Yann Hermenjat et J\u00e9r\u00e9mie Nicolet<br \/>La B\u00e2tie, Th\u00e9\u00e2tre de l&#8217;Orangerie, Gen\u00e8ve, CH<br \/>[external choreographic eye]<\/p>\t\t\t\t\t\t\t\t<\/div>\n\t\t\t\t<\/div>\n\t\t\t\t<div class=\"elementor-element elementor-element-96de18c elementor-widget elementor-widget-text-editor\" data-id=\"96de18c\" data-element_type=\"widget\" data-e-type=\"widget\" data-widget_type=\"text-editor.default\">\n\t\t\t\t<div class=\"elementor-widget-container\">\n\t\t\t\t\t\t\t\t\t<p>15.06.25 \/ 19.06.25<b><br \/><\/b><strong><em>Cr\u00e9puscule<\/em><\/strong><b><br \/><\/b>musical direction : Naomi Spicher<br \/>with the vocal ensemble Diverticantus<br \/>Sc\u00e8ne Foresti\u00e8re, Villars-sur-Gl\u00e2ne, CH<br \/>Temple, Fribourg, CH<br \/>[staging]<\/p>\t\t\t\t\t\t\t\t<\/div>\n\t\t\t\t<\/div>\n\t\t\t\t<div class=\"elementor-element elementor-element-0b22694 elementor-widget elementor-widget-text-editor\" data-id=\"0b22694\" data-element_type=\"widget\" data-e-type=\"widget\" data-widget_type=\"text-editor.default\">\n\t\t\t\t<div class=\"elementor-widget-container\">\n\t\t\t\t\t\t\t\t\t<p>24.05.25 &#8211; 25.05.25<br \/><strong><b>Ship Happens<\/b><\/strong><br \/>stage direction : Maik Zosso, musical direction : Nicole Schafer, with the students of Singschule Sense<br \/>LabNOF, Th\u00e9\u00e2tre \u00c9quilibre, Fribourg, CH<br \/>[choreography]<\/p>\t\t\t\t\t\t\t\t<\/div>\n\t\t\t\t<\/div>\n\t\t\t\t<div class=\"elementor-element elementor-element-0be7f80 elementor-widget elementor-widget-text-editor\" data-id=\"0be7f80\" data-element_type=\"widget\" data-e-type=\"widget\" data-widget_type=\"text-editor.default\">\n\t\t\t\t<div class=\"elementor-widget-container\">\n\t\t\t\t\t\t\t\t\t<p>20.03.25 &#8211; 21.03.25<strong><br \/><\/strong><em><strong>Pop Fiasco<\/strong><br \/><\/em>choreography and performance : D\u00e9lia Krayenbu\u0308hl<br \/>Mixed Pickles, Theater Roxy, Birsfelden, CH<br \/>[external eye]<\/p>\t\t\t\t\t\t\t\t<\/div>\n\t\t\t\t<\/div>\n\t\t\t\t<div class=\"elementor-element elementor-element-ccab00f elementor-widget elementor-widget-text-editor\" data-id=\"ccab00f\" data-element_type=\"widget\" data-e-type=\"widget\" data-widget_type=\"text-editor.default\">\n\t\t\t\t<div class=\"elementor-widget-container\">\n\t\t\t\t\t\t\t\t\t<p>26.02.25 &#8211; 28.02.25<strong><br \/><em>JE N&#8217;AI PAS PEUR DES CORBEAUX<\/em><\/strong><br \/>Cie LA GUEULE OUVERTE<br \/>stage direction : Geoffrey Rouge-Carrassat<br \/>La Pokop, Strasbourg, FR<br \/>[performance]<\/p>\t\t\t\t\t\t\t\t<\/div>\n\t\t\t\t<\/div>\n\t\t\t\t<div class=\"elementor-element elementor-element-5973121 elementor-widget elementor-widget-text-editor\" data-id=\"5973121\" data-element_type=\"widget\" data-e-type=\"widget\" data-widget_type=\"text-editor.default\">\n\t\t\t\t<div class=\"elementor-widget-container\">\n\t\t\t\t\t\t\t\t\t<p>28.12.24 &#8211; 11.01.25<strong><br \/><\/strong><em><strong>La Traviata<\/strong><br \/><\/em>NOF \u2013 Nouvel Op\u00e9ra Fribourg<br \/>stage direction: Tamara Heimbrock<br \/>musical direction : Enrico Dovico<br \/>Equilibre, Fribourg, CH<br \/>[choreography]<\/p>\t\t\t\t\t\t\t\t<\/div>\n\t\t\t\t<\/div>\n\t\t\t\t<div class=\"elementor-element elementor-element-badd7bd elementor-widget elementor-widget-text-editor\" data-id=\"badd7bd\" data-element_type=\"widget\" data-e-type=\"widget\" data-widget_type=\"text-editor.default\">\n\t\t\t\t<div class=\"elementor-widget-container\">\n\t\t\t\t\t\t\t\t\t<p>31.10.24 &#8211; 10.11.24<strong><br \/><\/strong><em><strong>Carmen<\/strong><br \/><\/em>Op\u00e9ra des Champs<br \/>stage direction : J\u00e9r\u00f4me Maradan<br \/>musical direction : Olivier Murith<br \/>Salle CO2, La Tour-de-Tr\u00eame, CH<br \/>[choreography]<\/p>\t\t\t\t\t\t\t\t<\/div>\n\t\t\t\t<\/div>\n\t\t\t\t<div class=\"elementor-element elementor-element-6d75c97 elementor-widget elementor-widget-qi_addons_for_elementor_separator\" data-id=\"6d75c97\" data-element_type=\"widget\" data-e-type=\"widget\" data-widget_type=\"qi_addons_for_elementor_separator.default\">\n\t\t\t\t<div class=\"elementor-widget-container\">\n\t\t\t\t\t<div class=\"qodef-shortcode qodef-m qodef-qi-separator qodef-qi-clear qodef-separator--standard\">\n\t<div class=\"qodef-m-line\"><\/div>\n<\/div>\n\t\t\t\t<\/div>\n\t\t\t\t<\/div>\n\t\t\t\t<div class=\"elementor-element elementor-element-b3688a0 elementor-widget elementor-widget-text-editor\" data-id=\"b3688a0\" data-element_type=\"widget\" data-e-type=\"widget\" data-widget_type=\"text-editor.default\">\n\t\t\t\t<div class=\"elementor-widget-container\">\n\t\t\t\t\t\t\t\t\t<p>23 &#8211; 24<\/p>\t\t\t\t\t\t\t\t<\/div>\n\t\t\t\t<\/div>\n\t\t\t\t<div class=\"elementor-element elementor-element-1033d93 elementor-widget elementor-widget-text-editor\" data-id=\"1033d93\" data-element_type=\"widget\" data-e-type=\"widget\" data-widget_type=\"text-editor.default\">\n\t\t\t\t<div class=\"elementor-widget-container\">\n\t\t\t\t\t\t\t\t\t<p>28.05.24<strong><br><\/strong><em><strong>Tout le monde auf die B\u00fchne! : Les 4 saisons <\/strong><br><\/em>with the pupils from the Platy Primary School<em><br><\/em>LabNOF, Nuithonie, Villars-sur-Gl\u00e2ne, CH<br \/>[choreography]<\/p>\t\t\t\t\t\t\t\t<\/div>\n\t\t\t\t<\/div>\n\t\t\t\t<div class=\"elementor-element elementor-element-711ad0c elementor-widget elementor-widget-text-editor\" data-id=\"711ad0c\" data-element_type=\"widget\" data-e-type=\"widget\" data-widget_type=\"text-editor.default\">\n\t\t\t\t<div class=\"elementor-widget-container\">\n\t\t\t\t\t\t\t\t\t<p>07.10 &#8211; 13.10.23<strong><br \/><\/strong><em><strong>Cabaret Fant\u00f4me<\/strong><br \/><\/em>Concept et stage direction : Geoffrey Rouge-Carrassat et Emmanuel Besnault<br \/>Festival FriSc\u00e8nes, Fribourg, CH<br \/>[performance]<\/p>\t\t\t\t\t\t\t\t<\/div>\n\t\t\t\t<\/div>\n\t\t\t\t<div class=\"elementor-element elementor-element-ab88203 elementor-widget elementor-widget-qi_addons_for_elementor_separator\" data-id=\"ab88203\" data-element_type=\"widget\" data-e-type=\"widget\" data-widget_type=\"qi_addons_for_elementor_separator.default\">\n\t\t\t\t<div class=\"elementor-widget-container\">\n\t\t\t\t\t<div class=\"qodef-shortcode qodef-m qodef-qi-separator qodef-qi-clear qodef-separator--standard\">\n\t<div class=\"qodef-m-line\"><\/div>\n<\/div>\n\t\t\t\t<\/div>\n\t\t\t\t<\/div>\n\t\t\t\t<div class=\"elementor-element elementor-element-148e911 elementor-widget elementor-widget-text-editor\" data-id=\"148e911\" data-element_type=\"widget\" data-e-type=\"widget\" data-widget_type=\"text-editor.default\">\n\t\t\t\t<div class=\"elementor-widget-container\">\n\t\t\t\t\t\t\t\t\t<p>22 &#8211; 23<\/p>\t\t\t\t\t\t\t\t<\/div>\n\t\t\t\t<\/div>\n\t\t\t\t<div class=\"elementor-element elementor-element-d7be08e elementor-widget elementor-widget-text-editor\" data-id=\"d7be08e\" data-element_type=\"widget\" data-e-type=\"widget\" data-widget_type=\"text-editor.default\">\n\t\t\t\t<div class=\"elementor-widget-container\">\n\t\t\t\t\t\t\t\t\t<p>04.06.23<strong><br \/><\/strong><em><strong>Aurore<\/strong><br \/><\/em>Ensemble Diachronie<br \/>Sc\u00e8ne Foresti\u00e8re du Bois de Moncor, Villars-sur-Gl\u00e2ne, CH<br \/>[performance]<\/p>\t\t\t\t\t\t\t\t<\/div>\n\t\t\t\t<\/div>\n\t\t\t\t<div class=\"elementor-element elementor-element-a243f4c elementor-widget elementor-widget-text-editor\" data-id=\"a243f4c\" data-element_type=\"widget\" data-e-type=\"widget\" data-widget_type=\"text-editor.default\">\n\t\t\t\t<div class=\"elementor-widget-container\">\n\t\t\t\t\t\t\t\t\t<p>01.06.23<strong><br \/><\/strong><em><strong>Tout le monde auf die B\u00fchne!<\/strong><br \/><\/em>with the students from Coll\u00e8ge St-Croix<em><br \/><\/em>LabNOF, Fribourg, CH<br \/>[choreography]<\/p>\t\t\t\t\t\t\t\t<\/div>\n\t\t\t\t<\/div>\n\t\t\t\t<div class=\"elementor-element elementor-element-8f2171a elementor-widget elementor-widget-qi_addons_for_elementor_separator\" data-id=\"8f2171a\" data-element_type=\"widget\" data-e-type=\"widget\" data-widget_type=\"qi_addons_for_elementor_separator.default\">\n\t\t\t\t<div class=\"elementor-widget-container\">\n\t\t\t\t\t<div class=\"qodef-shortcode qodef-m qodef-qi-separator qodef-qi-clear qodef-separator--standard\">\n\t<div class=\"qodef-m-line\"><\/div>\n<\/div>\n\t\t\t\t<\/div>\n\t\t\t\t<\/div>\n\t\t\t\t<div class=\"elementor-element elementor-element-e69d152 elementor-widget elementor-widget-text-editor\" data-id=\"e69d152\" data-element_type=\"widget\" data-e-type=\"widget\" data-widget_type=\"text-editor.default\">\n\t\t\t\t<div class=\"elementor-widget-container\">\n\t\t\t\t\t\t\t\t\t<p>20 &#8211; 21<\/p>\t\t\t\t\t\t\t\t<\/div>\n\t\t\t\t<\/div>\n\t\t\t\t<div class=\"elementor-element elementor-element-f00205b elementor-widget elementor-widget-text-editor\" data-id=\"f00205b\" data-element_type=\"widget\" data-e-type=\"widget\" data-widget_type=\"text-editor.default\">\n\t\t\t\t<div class=\"elementor-widget-container\">\n\t\t\t\t\t\t\t\t\t<p>06.05.21 &#8211; 09.05.21<strong><br \/><\/strong><em><strong>\u00c9ponyme<\/strong><br \/><\/em>Collectif Corps Exquis<br \/>F\u00eate de la Danse<br \/>Fri-Son, Fribourg, CH<br \/>[choreography and performance]<\/p>\t\t\t\t\t\t\t\t<\/div>\n\t\t\t\t<\/div>\n\t\t\t\t<div class=\"elementor-element elementor-element-53d420c elementor-widget elementor-widget-spacer\" data-id=\"53d420c\" data-element_type=\"widget\" data-e-type=\"widget\" data-widget_type=\"spacer.default\">\n\t\t\t\t<div class=\"elementor-widget-container\">\n\t\t\t\t\t\t\t<div class=\"elementor-spacer\">\n\t\t\t<div class=\"elementor-spacer-inner\"><\/div>\n\t\t<\/div>\n\t\t\t\t\t\t<\/div>\n\t\t\t\t<\/div>\n\t\t\t\t<\/div>\n\t\t\t\t\t<\/details>\n\t\t\t\t\t\t<details id=\"e-n-accordion-item-1782\" class=\"e-n-accordion-item\" >\n\t\t\t\t<summary class=\"e-n-accordion-item-title\" data-accordion-index=\"3\" tabindex=\"-1\" aria-expanded=\"false\" aria-controls=\"e-n-accordion-item-1782\" >\n\t\t\t\t\t<span class='e-n-accordion-item-title-header'><div class=\"e-n-accordion-item-title-text\"> passing on <\/div><\/span>\n\t\t\t\t\t\t\t<span class='e-n-accordion-item-title-icon'>\n\t\t\t<span class='e-opened' ><svg aria-hidden=\"true\" class=\"e-font-icon-svg e-fas-minus\" viewBox=\"0 0 448 512\" xmlns=\"http:\/\/www.w3.org\/2000\/svg\"><path d=\"M416 208H32c-17.67 0-32 14.33-32 32v32c0 17.67 14.33 32 32 32h384c17.67 0 32-14.33 32-32v-32c0-17.67-14.33-32-32-32z\"><\/path><\/svg><\/span>\n\t\t\t<span class='e-closed'><svg aria-hidden=\"true\" class=\"e-font-icon-svg e-fas-plus\" viewBox=\"0 0 448 512\" xmlns=\"http:\/\/www.w3.org\/2000\/svg\"><path d=\"M416 208H272V64c0-17.67-14.33-32-32-32h-32c-17.67 0-32 14.33-32 32v144H32c-17.67 0-32 14.33-32 32v32c0 17.67 14.33 32 32 32h144v144c0 17.67 14.33 32 32 32h32c17.67 0 32-14.33 32-32V304h144c17.67 0 32-14.33 32-32v-32c0-17.67-14.33-32-32-32z\"><\/path><\/svg><\/span>\n\t\t<\/span>\n\n\t\t\t\t\t\t<\/summary>\n\t\t\t\t<div role=\"region\" aria-labelledby=\"e-n-accordion-item-1782\" class=\"elementor-element elementor-element-b41265b e-flex e-con-boxed e-con e-child\" data-id=\"b41265b\" data-element_type=\"container\" data-e-type=\"container\">\n\t\t\t\t\t<div class=\"e-con-inner\">\n\t\t\t\t<div class=\"elementor-element elementor-element-af6c3cf elementor-widget elementor-widget-text-editor\" data-id=\"af6c3cf\" data-element_type=\"widget\" data-e-type=\"widget\" data-widget_type=\"text-editor.default\">\n\t\t\t\t<div class=\"elementor-widget-container\">\n\t\t\t\t\t\t\t\t\t<p>05.11.25 &#8211; 21.11.25<br \/><em><strong>Let&#8217;s Dance !<\/strong><\/em><br \/>Antipode Danse Tanz workshop, Culture &amp; Ecole Festival, Museum of Art and History, Fribourg, CH<\/p>\t\t\t\t\t\t\t\t<\/div>\n\t\t\t\t<\/div>\n\t\t\t\t<div class=\"elementor-element elementor-element-0ce930f elementor-widget elementor-widget-text-editor\" data-id=\"0ce930f\" data-element_type=\"widget\" data-e-type=\"widget\" data-widget_type=\"text-editor.default\">\n\t\t\t\t<div class=\"elementor-widget-container\">\n\t\t\t\t\t\t\t\t\t<p>08.09.25 &#8211; 28.09.25<br \/><em><strong>Performance workshop<\/strong><\/em><br \/>Rencontre Internationale d&#8217;Art Contemporain (RIAC) #11, Ateliers SAHM, Brazzaville, CG<\/p>\t\t\t\t\t\t\t\t<\/div>\n\t\t\t\t<\/div>\n\t\t\t\t<div class=\"elementor-element elementor-element-590d893 elementor-widget elementor-widget-text-editor\" data-id=\"590d893\" data-element_type=\"widget\" data-e-type=\"widget\" data-widget_type=\"text-editor.default\">\n\t\t\t\t<div class=\"elementor-widget-container\">\n\t\t\t\t\t\t\t\t\t<p>15.04.23<br \/><em><strong>Am I Asian Enough ?<\/strong><\/em><br \/>Cultural event \/ Workshop, in collaboration with Natasha Stegmann, Ancienne Gare, Fribourg CH<\/p>\t\t\t\t\t\t\t\t<\/div>\n\t\t\t\t<\/div>\n\t\t\t\t<div class=\"elementor-element elementor-element-46fe58a elementor-widget elementor-widget-text-editor\" data-id=\"46fe58a\" data-element_type=\"widget\" data-e-type=\"widget\" data-widget_type=\"text-editor.default\">\n\t\t\t\t<div class=\"elementor-widget-container\">\n\t\t\t\t\t\t\t\t\t<p>09.23 &#8211; 08.25<br \/><em><strong>Lecturer (discipline : performance)<\/strong><br \/><\/em>Master of Contemporary Arts Practice, Bern Academy of the Arts (HKB), Bern, CH<\/p>\t\t\t\t\t\t\t\t<\/div>\n\t\t\t\t<\/div>\n\t\t\t\t<div class=\"elementor-element elementor-element-9011582 elementor-widget elementor-widget-text-editor\" data-id=\"9011582\" data-element_type=\"widget\" data-e-type=\"widget\" data-widget_type=\"text-editor.default\">\n\t\t\t\t<div class=\"elementor-widget-container\">\n\t\t\t\t\t\t\t\t\t<p>04.11.24 &#8211; 22.11.24<br \/><em><strong>Let&#8217;s Dance !<\/strong><br \/><\/em>Antipode Danse Tanz workshop, Culture &amp; Ecole Festival, Museum of Art and History, Fribourg, CH<\/p>\t\t\t\t\t\t\t\t<\/div>\n\t\t\t\t<\/div>\n\t\t\t\t<div class=\"elementor-element elementor-element-3875e49 elementor-widget elementor-widget-text-editor\" data-id=\"3875e49\" data-element_type=\"widget\" data-e-type=\"widget\" data-widget_type=\"text-editor.default\">\n\t\t\t\t<div class=\"elementor-widget-container\">\n\t\t\t\t\t\t\t\t\t<p>18.11.21 &#8211; 28.11.21<br \/><strong><em>Hysteria Room#1 + Workshop<\/em><\/strong><br \/>Jade Albasini &amp; M\u00e9lanie Gobet, Modaperf Festival, Douala, Dschang, Yaound\u00e9, CM<\/p>\t\t\t\t\t\t\t\t<\/div>\n\t\t\t\t<\/div>\n\t\t\t\t<div class=\"elementor-element elementor-element-ab744d8 elementor-widget elementor-widget-text-editor\" data-id=\"ab744d8\" data-element_type=\"widget\" data-e-type=\"widget\" data-widget_type=\"text-editor.default\">\n\t\t\t\t<div class=\"elementor-widget-container\">\n\t\t\t\t\t\t\t\t\t<p>12.11.18 &#8211; 16.11.18<br \/><strong><em>Occuper l&#8217;Espace<\/em><\/strong><br \/>Workshop from Marinka Limat, Catherine Liechti et M\u00e9lanie Gobet, Festival Culture &amp; Ecole, blueFactory, Fribourg, CH<\/p>\t\t\t\t\t\t\t\t<\/div>\n\t\t\t\t<\/div>\n\t\t\t\t<div class=\"elementor-element elementor-element-878cf9e elementor-widget elementor-widget-spacer\" data-id=\"878cf9e\" data-element_type=\"widget\" data-e-type=\"widget\" data-widget_type=\"spacer.default\">\n\t\t\t\t<div class=\"elementor-widget-container\">\n\t\t\t\t\t\t\t<div class=\"elementor-spacer\">\n\t\t\t<div class=\"elementor-spacer-inner\"><\/div>\n\t\t<\/div>\n\t\t\t\t\t\t<\/div>\n\t\t\t\t<\/div>\n\t\t\t\t\t<\/div>\n\t\t\t\t<\/div>\n\t\t\t\t\t<\/details>\n\t\t\t\t\t\t<details id=\"e-n-accordion-item-1783\" class=\"e-n-accordion-item\" >\n\t\t\t\t<summary class=\"e-n-accordion-item-title\" data-accordion-index=\"4\" tabindex=\"-1\" aria-expanded=\"false\" aria-controls=\"e-n-accordion-item-1783\" >\n\t\t\t\t\t<span class='e-n-accordion-item-title-header'><div class=\"e-n-accordion-item-title-text\"> residencies \/ grants \/ awards <\/div><\/span>\n\t\t\t\t\t\t\t<span class='e-n-accordion-item-title-icon'>\n\t\t\t<span class='e-opened' ><svg aria-hidden=\"true\" class=\"e-font-icon-svg e-fas-minus\" viewBox=\"0 0 448 512\" xmlns=\"http:\/\/www.w3.org\/2000\/svg\"><path d=\"M416 208H32c-17.67 0-32 14.33-32 32v32c0 17.67 14.33 32 32 32h384c17.67 0 32-14.33 32-32v-32c0-17.67-14.33-32-32-32z\"><\/path><\/svg><\/span>\n\t\t\t<span class='e-closed'><svg aria-hidden=\"true\" class=\"e-font-icon-svg e-fas-plus\" viewBox=\"0 0 448 512\" xmlns=\"http:\/\/www.w3.org\/2000\/svg\"><path d=\"M416 208H272V64c0-17.67-14.33-32-32-32h-32c-17.67 0-32 14.33-32 32v144H32c-17.67 0-32 14.33-32 32v32c0 17.67 14.33 32 32 32h144v144c0 17.67 14.33 32 32 32h32c17.67 0 32-14.33 32-32V304h144c17.67 0 32-14.33 32-32v-32c0-17.67-14.33-32-32-32z\"><\/path><\/svg><\/span>\n\t\t<\/span>\n\n\t\t\t\t\t\t<\/summary>\n\t\t\t\t<div role=\"region\" aria-labelledby=\"e-n-accordion-item-1783\" class=\"elementor-element elementor-element-60ff984 e-flex e-con-boxed e-con e-child\" data-id=\"60ff984\" data-element_type=\"container\" data-e-type=\"container\">\n\t\t\t\t\t<div class=\"e-con-inner\">\n\t\t\t\t<div class=\"elementor-element elementor-element-25b8db1 elementor-widget elementor-widget-text-editor\" data-id=\"25b8db1\" data-element_type=\"widget\" data-e-type=\"widget\" data-widget_type=\"text-editor.default\">\n\t\t\t\t<div class=\"elementor-widget-container\">\n\t\t\t\t\t\t\t\t\t<p>01.24 &#8211; 04.24<strong><br \/>Grant for Artistic Research Residencies of the Canton of Fribourg<br \/><\/strong>Fribourg, CH<\/p>\t\t\t\t\t\t\t\t<\/div>\n\t\t\t\t<\/div>\n\t\t\t\t<div class=\"elementor-element elementor-element-7eb13ac elementor-widget elementor-widget-text-editor\" data-id=\"7eb13ac\" data-element_type=\"widget\" data-e-type=\"widget\" data-widget_type=\"text-editor.default\">\n\t\t\t\t<div class=\"elementor-widget-container\">\n\t\t\t\t\t\t\t\t\t<p>02.23 &#8211; 04.23<br \/><strong>Artistic research residency of the City of Fribourg<\/strong><br \/>Nouveau Monde, Fribourg, CH<\/p>\t\t\t\t\t\t\t\t<\/div>\n\t\t\t\t<\/div>\n\t\t\t\t<div class=\"elementor-element elementor-element-7a6629a elementor-widget elementor-widget-text-editor\" data-id=\"7a6629a\" data-element_type=\"widget\" data-e-type=\"widget\" data-widget_type=\"text-editor.default\">\n\t\t\t\t<div class=\"elementor-widget-container\">\n\t\t\t\t\t\t\t\t\t<p>14.06.21 &#8211; 25.06.21<strong><br \/>Camping &#8211; Support program for emerging artists \/ Pro Helvetia<br \/><\/strong>CND Pantin, FR<\/p>\t\t\t\t\t\t\t\t<\/div>\n\t\t\t\t<\/div>\n\t\t\t\t<div class=\"elementor-element elementor-element-fe23a8d elementor-widget elementor-widget-text-editor\" data-id=\"fe23a8d\" data-element_type=\"widget\" data-e-type=\"widget\" data-widget_type=\"text-editor.default\">\n\t\t\t\t<div class=\"elementor-widget-container\">\n\t\t\t\t\t\t\t\t\t<p>19.09.20<strong><br \/>PREMIO<br \/><\/strong>Performing Arts Encouragement Award, Zurich, CH<\/p>\t\t\t\t\t\t\t\t<\/div>\n\t\t\t\t<\/div>\n\t\t\t\t<div class=\"elementor-element elementor-element-0c54466 elementor-widget elementor-widget-text-editor\" data-id=\"0c54466\" data-element_type=\"widget\" data-e-type=\"widget\" data-widget_type=\"text-editor.default\">\n\t\t\t\t<div class=\"elementor-widget-container\">\n\t\t\t\t\t\t\t\t\t<p>07.19 &#8211; 12.19<br \/><strong>Artistic residence of the city of Fribourg in &#8220;Casa Suiza de la Boca&#8221;<\/strong><\/p>\t\t\t\t\t\t\t\t<\/div>\n\t\t\t\t<\/div>\n\t\t\t\t<div class=\"elementor-element elementor-element-9814396 elementor-widget elementor-widget-text-editor\" data-id=\"9814396\" data-element_type=\"widget\" data-e-type=\"widget\" data-widget_type=\"text-editor.default\">\n\t\t\t\t<div class=\"elementor-widget-container\">\n\t\t\t\t\t\t\t\t\t<p>01.19 &#8211; 06.19<br \/><strong>Artistic residence, Atelier \u201cim Wedding\u201d of the Canton of Fribourg<br \/><\/strong>Berlin, DE<\/p>\t\t\t\t\t\t\t\t<\/div>\n\t\t\t\t<\/div>\n\t\t\t\t<div class=\"elementor-element elementor-element-78006ad elementor-widget elementor-widget-text-editor\" data-id=\"78006ad\" data-element_type=\"widget\" data-e-type=\"widget\" data-widget_type=\"text-editor.default\">\n\t\t\t\t<div class=\"elementor-widget-container\">\n\t\t\t\t\t\t\t\t\t<p>07.01.19 &#8211; 11.01.19 \/ 12.11.18 &#8211; 16.11.18<strong><br \/>Young audience Lab<br \/><\/strong>Reso &#8211; R\u00e9seau Danse Suisse, La Bavette, Monthey, CH \/ Zeughauskultur, Brig, CH<\/p>\t\t\t\t\t\t\t\t<\/div>\n\t\t\t\t<\/div>\n\t\t\t\t<div class=\"elementor-element elementor-element-e04cdd8 elementor-widget elementor-widget-text-editor\" data-id=\"e04cdd8\" data-element_type=\"widget\" data-e-type=\"widget\" data-widget_type=\"text-editor.default\">\n\t\t\t\t<div class=\"elementor-widget-container\">\n\t\t\t\t\t\t\t\t\t<p>13.07.18 &#8211; 21.07.18<strong><br \/>Seminar in Avignon &#8211; Support program for emerging artists \/ Pro Helvetia<br \/><\/strong>Festival d&#8217;Avignon, FR<\/p>\t\t\t\t\t\t\t\t<\/div>\n\t\t\t\t<\/div>\n\t\t\t\t<div class=\"elementor-element elementor-element-aa37ea8 elementor-widget elementor-widget-spacer\" data-id=\"aa37ea8\" data-element_type=\"widget\" data-e-type=\"widget\" data-widget_type=\"spacer.default\">\n\t\t\t\t<div class=\"elementor-widget-container\">\n\t\t\t\t\t\t\t<div class=\"elementor-spacer\">\n\t\t\t<div class=\"elementor-spacer-inner\"><\/div>\n\t\t<\/div>\n\t\t\t\t\t\t<\/div>\n\t\t\t\t<\/div>\n\t\t\t\t\t<\/div>\n\t\t\t\t<\/div>\n\t\t\t\t\t<\/details>\n\t\t\t\t\t<\/div>\n\t\t\t\t\t\t<\/div>\n\t\t\t\t<\/div>\n\t\t\t\t<\/div>\n\t\t<div class=\"elementor-element elementor-element-00177f8 e-con-full animated-slow e-flex elementor-invisible e-con e-child\" data-id=\"00177f8\" data-element_type=\"container\" data-e-type=\"container\" data-settings=\"{&quot;animation&quot;:&quot;fadeInLeft&quot;}\">\n\t\t\t\t<div class=\"elementor-element elementor-element-e560b7e elementor-widget elementor-widget-heading\" data-id=\"e560b7e\" data-element_type=\"widget\" data-e-type=\"widget\" data-widget_type=\"heading.default\">\n\t\t\t\t<div class=\"elementor-widget-container\">\n\t\t\t\t\t<h2 class=\"elementor-heading-title elementor-size-default\">to come<\/h2>\t\t\t\t<\/div>\n\t\t\t\t<\/div>\n\t\t\t\t<div class=\"elementor-element elementor-element-14e61c1 elementor-widget elementor-widget-text-editor\" data-id=\"14e61c1\" data-element_type=\"widget\" data-e-type=\"widget\" data-widget_type=\"text-editor.default\">\n\t\t\t\t<div class=\"elementor-widget-container\">\n\t\t\t\t\t\t\t\t\t<p><strong><em>Hysteria Room<\/em><\/strong><br \/>Feminist choreography lab with Jade Albasini and M\u00e9lanie Cerezo Gobet,<br \/><em>for people ages 18 and older who identify as women<\/em><\/p><p>&#8211; 05.09.26, 13h-15h<br \/>&#8211; 03.10.26, 13h-15h<br \/>&#8211; 07.11.26, 13h-15h<br \/>&#8211; 12.12.26, 13h-15h<\/p><p>As part of the \u201cSamedis de S\u00e9velin 36\u201d in Lausanne<br \/><br \/><\/p><p><a href=\"https:\/\/theatresevelin36.ch\/agenda\" target=\"_blank\" rel=\"noopener\"><strong>more info<\/strong><\/a><\/p>\t\t\t\t\t\t\t\t<\/div>\n\t\t\t\t<\/div>\n\t\t\t\t<div class=\"elementor-element elementor-element-ca1af14 elementor-widget elementor-widget-text-editor\" data-id=\"ca1af14\" data-element_type=\"widget\" data-e-type=\"widget\" data-widget_type=\"text-editor.default\">\n\t\t\t\t<div class=\"elementor-widget-container\">\n\t\t\t\t\t\t\t\t\t<p>30.04.27 &#8211; 02.05.27<br \/><strong><em>Hysteria Room&amp;Rest<\/em><\/strong><br \/>Immersive weekend: three days of movement, dance, and sisterhood at the H\u00f4tel-Pension Beau-Site in Chemin (VS), with Jade Albasin and M\u00e9lanie Cerezo Gobet<\/p><p><a href=\"https:\/\/jadealbasini.ch\/hysteria-room-rest\/\" target=\"_blank\" rel=\"noopener\"><strong>more info and registration<\/strong><\/a><\/p>\t\t\t\t\t\t\t\t<\/div>\n\t\t\t\t<\/div>\n\t\t\t\t<div class=\"elementor-element elementor-element-a97c77b elementor-widget elementor-widget-spacer\" data-id=\"a97c77b\" data-element_type=\"widget\" data-e-type=\"widget\" data-widget_type=\"spacer.default\">\n\t\t\t\t<div class=\"elementor-widget-container\">\n\t\t\t\t\t\t\t<div class=\"elementor-spacer\">\n\t\t\t<div class=\"elementor-spacer-inner\"><\/div>\n\t\t<\/div>\n\t\t\t\t\t\t<\/div>\n\t\t\t\t<\/div>\n\t\t\t\t<\/div>\n\t\t\t\t<\/div>\n\t\t\t\t<\/div>\n\t\t","protected":false},"excerpt":{"rendered":"<p>past own work 25 &#8211; 26 14.06.26Mini BubblesFesti&rsquo;neuch, Neuch\u00e2tel, CH 26.05.26 &#8211; 30.05.26T&rsquo;es bonne !Espace Nuithonie, Villars-sur-Gl\u00e2ne, CH 24 &#8211; 25 17.05.25Hysteria Room#2Jade Albasini &amp; M\u00e9lanie Gobet, F\u00eate de la Danse \/ Nuit des Mus\u00e9es, MAHN \u2013 Mus\u00e9e d&rsquo;Art et d&rsquo;Histoire de Neuch\u00e2tel, CH 15.05.25 &#8211; 16.05.25Hysteria Room#2Jade Albasini &amp; M\u00e9lanie Gobet, F\u00eate de la [&hellip;]<\/p>\n","protected":false},"author":1,"featured_media":0,"parent":0,"menu_order":0,"comment_status":"closed","ping_status":"closed","template":"page-full-width.php","meta":{"footnotes":""},"class_list":["post-8181","page","type-page","status-publish","hentry"],"_links":{"self":[{"href":"https:\/\/melaniegobet.ch\/en\/wp-json\/wp\/v2\/pages\/8181","targetHints":{"allow":["GET"]}}],"collection":[{"href":"https:\/\/melaniegobet.ch\/en\/wp-json\/wp\/v2\/pages"}],"about":[{"href":"https:\/\/melaniegobet.ch\/en\/wp-json\/wp\/v2\/types\/page"}],"author":[{"embeddable":true,"href":"https:\/\/melaniegobet.ch\/en\/wp-json\/wp\/v2\/users\/1"}],"replies":[{"embeddable":true,"href":"https:\/\/melaniegobet.ch\/en\/wp-json\/wp\/v2\/comments?post=8181"}],"version-history":[{"count":36,"href":"https:\/\/melaniegobet.ch\/en\/wp-json\/wp\/v2\/pages\/8181\/revisions"}],"predecessor-version":[{"id":8790,"href":"https:\/\/melaniegobet.ch\/en\/wp-json\/wp\/v2\/pages\/8181\/revisions\/8790"}],"wp:attachment":[{"href":"https:\/\/melaniegobet.ch\/en\/wp-json\/wp\/v2\/media?parent=8181"}],"curies":[{"name":"wp","href":"https:\/\/api.w.org\/{rel}","templated":true}]}}